{"id":31,"date":"2026-03-11T21:59:15","date_gmt":"2026-03-11T21:59:15","guid":{"rendered":"https:\/\/definetz.eu\/ueber\/"},"modified":"2026-03-12T11:18:08","modified_gmt":"2026-03-12T11:18:08","slug":"ueber","status":"publish","type":"page","link":"https:\/\/definetz.eu\/en\/ueber\/","title":{"rendered":"About"},"content":{"rendered":"<div class=\"wp-block-group alignfull is-style-ext-preset--group--natural-1--section has-background-background-color has-background has-global-padding is-layout-constrained wp-container-core-group-is-layout-843e5a6d wp-block-group-is-layout-constrained\" id=\"about\" style=\"margin-top:0;margin-bottom:0;padding-top:var(--wp--preset--spacing--70);padding-bottom:var(--wp--preset--spacing--70)\">\n<h2 class=\"wp-block-heading has-text-align-center ext-animate--on\">Our heart beats for Definetz<\/h2>\n\n\n\n<p class=\"has-text-align-center ext-animate--on\" style=\"margin-top:1.5rem\">There is no question that defibrillators can save lives. However, there are certainly still&nbsp;<strong>too few of these devices<\/strong>&nbsp;in the right places and the devices are then often still&nbsp;<strong>poorly documented<\/strong>.<br><br>Definetz e.V. would like to change this. Founded on 6 April 2011 and&nbsp;<strong>recognised as a non-profit independent association<\/strong>&nbsp;has three statutory tasks.<\/p>\n\n\n\n<figure class=\"wp-block-image size-large ext-animate--on\"><img loading=\"lazy\" decoding=\"async\" width=\"1024\" height=\"439\" src=\"https:\/\/definetz.eu\/wp-content\/uploads\/2026\/03\/csm_Definetz_2_42c170e733-1024x439.jpg\" alt=\"\" class=\"wp-image-105\" srcset=\"https:\/\/definetz.eu\/wp-content\/uploads\/2026\/03\/csm_Definetz_2_42c170e733-1024x439.jpg 1024w, https:\/\/definetz.eu\/wp-content\/uploads\/2026\/03\/csm_Definetz_2_42c170e733-300x129.jpg 300w, https:\/\/definetz.eu\/wp-content\/uploads\/2026\/03\/csm_Definetz_2_42c170e733-768x329.jpg 768w, https:\/\/definetz.eu\/wp-content\/uploads\/2026\/03\/csm_Definetz_2_42c170e733-18x8.jpg 18w, https:\/\/definetz.eu\/wp-content\/uploads\/2026\/03\/csm_Definetz_2_42c170e733-600x257.jpg 600w, https:\/\/definetz.eu\/wp-content\/uploads\/2026\/03\/csm_Definetz_2_42c170e733.jpg 1200w\" sizes=\"auto, (max-width: 1024px) 100vw, 1024px\" \/><\/figure>\n<\/div>\n\n\n\n<div class=\"wp-block-group alignfull is-style-ext-preset--group--natural-1--section has-tertiary-background-color has-background has-global-padding is-layout-constrained wp-container-core-group-is-layout-e955bbaf wp-block-group-is-layout-constrained\" style=\"margin-top:0;margin-bottom:0;padding-top:var(--wp--preset--spacing--70);padding-bottom:var(--wp--preset--spacing--70)\">\n<div class=\"wp-block-columns alignwide is-layout-flex wp-container-core-columns-is-layout-08c01c1c wp-block-columns-is-layout-flex\">\n<div class=\"wp-block-column is-vertically-aligned-stretch ext-animate--on is-layout-flow wp-container-core-column-is-layout-f5bb311e wp-block-column-is-layout-flow\">\n<div class=\"wp-block-group is-style-ext-preset--group--natural-1--item-card-1--align-start has-global-padding is-layout-constrained wp-block-group-is-layout-constrained is-style-ext-preset--group--natural-1--item-card-1--align-start--3\">\n<div class=\"wp-block-group is-style-default has-global-padding is-layout-constrained wp-block-group-is-layout-constrained\">\n<h3 class=\"wp-block-heading has-primary-color has-text-color has-link-color has-x-large-font-size wp-elements-090a6e2e83fc907392fefe045840956c\">WHERE<\/h3>\n\n\n\n<h3 class=\"wp-block-heading\">Documentation<\/h3>\n\n\n\n<figure class=\"wp-block-image size-full ext-animate--on\"><img loading=\"lazy\" decoding=\"async\" width=\"540\" height=\"360\" src=\"https:\/\/definetz.eu\/wp-content\/uploads\/2026\/03\/csm_Capture_20150605_145219_f2343acafa.png\" alt=\"\" class=\"wp-image-249\"\/><\/figure>\n\n\n\n<p>Do you know where a defibrillator is? Only very few people can answer this question and if they do, is it the nearest one? After all, there is only a very short time span of 3 to 5 minutes to resuscitate a person without permanent damage.<br><br>Definetz e.V. creates and maintains the currently most comprehensive cadastre of defibrillator locations in Germany on its website.<\/p>\n<\/div>\n<\/div>\n<\/div>\n\n\n\n<div class=\"wp-block-column is-vertically-aligned-stretch ext-animate--on is-layout-flow wp-container-core-column-is-layout-f5bb311e wp-block-column-is-layout-flow\">\n<div class=\"wp-block-group is-style-ext-preset--group--natural-1--item-card-1--align-start has-global-padding is-layout-constrained wp-block-group-is-layout-constrained is-style-ext-preset--group--natural-1--item-card-1--align-start--4\">\n<div class=\"wp-block-group is-style-default has-global-padding is-layout-constrained wp-block-group-is-layout-constrained\">\n<h3 class=\"wp-block-heading has-primary-color has-text-color has-link-color has-x-large-font-size wp-elements-8c38aeeb7f1e86da15a8be6a794f42ef\">HOW<\/h3>\n\n\n\n<h3 class=\"wp-block-heading\">Planning<\/h3>\n\n\n\n<figure class=\"wp-block-image size-full ext-animate--on\"><img loading=\"lazy\" decoding=\"async\" width=\"1024\" height=\"683\" src=\"https:\/\/definetz.eu\/wp-content\/uploads\/2026\/03\/csm_IMG_5270_abe9b400e7-1024x683-1.jpg\" alt=\"\" class=\"wp-image-253\"\/><\/figure>\n\n\n\n<p>The distribution of defibrillators today is rather random. However, it would be important to have the devices where they are needed. Definetz e.V. has dedicated itself to this task together with spatial planners from the University of Dortmund, among others.<br><br>As part of scientific work, the basis is being created for local authorities and companies to place defibrillators according to actual need.<\/p>\n<\/div>\n<\/div>\n<\/div>\n\n\n\n<div class=\"wp-block-column is-vertically-aligned-stretch ext-animate--on is-layout-flow wp-container-core-column-is-layout-f5bb311e wp-block-column-is-layout-flow\">\n<div class=\"wp-block-group is-style-ext-preset--group--natural-1--item-card-1--align-start has-global-padding is-layout-constrained wp-block-group-is-layout-constrained is-style-ext-preset--group--natural-1--item-card-1--align-start--5\">\n<div class=\"wp-block-group is-style-default has-global-padding is-layout-constrained wp-block-group-is-layout-constrained\">\n<h3 class=\"wp-block-heading has-primary-color has-text-color has-link-color has-x-large-font-size wp-elements-7373a176fcbb180e48b68234b84708e5\">WHY<\/h3>\n\n\n\n<h3 class=\"wp-block-heading\">Public relations<\/h3>\n\n\n\n<figure class=\"wp-block-image size-full ext-animate--on\"><img loading=\"lazy\" decoding=\"async\" width=\"1001\" height=\"652\" src=\"https:\/\/definetz.eu\/wp-content\/uploads\/2026\/03\/Screenshot-2026-03-12-105603.jpg\" alt=\"\" class=\"wp-image-272\"\/><\/figure>\n\n\n\n<p>The topic of early defibrillation has already been taken up by numerous initiatives and is often communicated in an exemplary manner. The internet platform sees itself as a pool in which these initiatives and their work can be reflected, promoted and exchanged.<\/p>\n<\/div>\n<\/div>\n<\/div>\n<\/div>\n<\/div>\n\n\n\n<div class=\"wp-block-group alignfull is-style-ext-preset--group--natural-1--section has-background-background-color has-background has-global-padding is-layout-constrained wp-container-core-group-is-layout-e955bbaf wp-block-group-is-layout-constrained\" style=\"margin-top:0;margin-bottom:0;padding-top:var(--wp--preset--spacing--70);padding-bottom:var(--wp--preset--spacing--70)\">\n<div class=\"wp-block-group alignwide ext-is-logical-start has-global-padding is-content-justification-left is-layout-constrained wp-container-core-group-is-layout-6729bdbe wp-block-group-is-layout-constrained\">\n<h2 class=\"wp-block-heading ext-animate--on\">Management Board<\/h2>\n\n\n\n<p class=\"ext-animate--on\">Discover how Definetz e.V. is planning and implementing the nationwide supply of defibrillators in Germany.<\/p>\n<\/div>\n\n\n\n<div class=\"wp-block-media-text alignwide has-media-on-the-right is-stacked-on-mobile is-image-fill-element is-style-ext-preset--media-text--natural-1--card-1 ext-animate--on is-style-ext-preset--media-text--natural-1--card-1--7\" style=\"grid-template-columns:auto 44%\"><div class=\"wp-block-media-text__content\">\n<div class=\"wp-block-group alignwide is-vertical is-layout-flex wp-container-core-group-is-layout-53474e87 wp-block-group-is-layout-flex\" style=\"padding-top:var(--wp--preset--spacing--60);padding-bottom:var(--wp--preset--spacing--60)\">\n<div class=\"wp-block-group has-global-padding is-layout-constrained wp-container-core-group-is-layout-812d5580 wp-block-group-is-layout-constrained\" style=\"padding-top:0;padding-right:0;padding-bottom:0;padding-left:0\">\n<h3 class=\"wp-block-heading\">Friedrich N\u00f6lle<\/h3>\n\n\n\n<p><a href=\"https:\/\/definetz.org\/mitglieder-des-vorstandes\">Friedrich N\u00f6lle<\/a>, born in 1954, founded Definetz together with Dr Christian Fastenrath in April 2011 and has been a member of the Board of Directors since then. He has been Chairman of the non-profit organisation since 2016.<\/p>\n<\/div>\n<\/div>\n<\/div><figure class=\"wp-block-media-text__media\"><img loading=\"lazy\" decoding=\"async\" width=\"1024\" height=\"576\" src=\"https:\/\/definetz.eu\/wp-content\/uploads\/2026\/03\/048A1328-scaled-1-1024x576.jpg\" alt=\"\" class=\"wp-image-318 size-full\" style=\"object-position:50% 50%\" srcset=\"https:\/\/definetz.eu\/wp-content\/uploads\/2026\/03\/048A1328-scaled-1-1024x576.jpg 1024w, https:\/\/definetz.eu\/wp-content\/uploads\/2026\/03\/048A1328-scaled-1-300x169.jpg 300w, https:\/\/definetz.eu\/wp-content\/uploads\/2026\/03\/048A1328-scaled-1-768x432.jpg 768w, https:\/\/definetz.eu\/wp-content\/uploads\/2026\/03\/048A1328-scaled-1-1536x864.jpg 1536w, https:\/\/definetz.eu\/wp-content\/uploads\/2026\/03\/048A1328-scaled-1-2048x1152.jpg 2048w, https:\/\/definetz.eu\/wp-content\/uploads\/2026\/03\/048A1328-scaled-1-18x10.jpg 18w, https:\/\/definetz.eu\/wp-content\/uploads\/2026\/03\/048A1328-scaled-1-600x338.jpg 600w\" sizes=\"auto, (max-width: 1024px) 100vw, 1024px\" \/><\/figure><\/div>\n\n\n\n<div class=\"wp-block-media-text alignwide is-stacked-on-mobile is-image-fill-element is-style-ext-preset--media-text--natural-1--card-1 ext-animate--on is-style-ext-preset--media-text--natural-1--card-1--8\" style=\"margin-top:var(--wp--preset--spacing--40);grid-template-columns:46% auto\"><figure class=\"wp-block-media-text__media\"><img loading=\"lazy\" decoding=\"async\" width=\"450\" height=\"438\" src=\"https:\/\/definetz.eu\/wp-content\/uploads\/2026\/03\/Fastenrath-e1508331188698.jpg\" alt=\"\" class=\"wp-image-332 size-full\" style=\"object-position:50% 50%\"\/><\/figure><div class=\"wp-block-media-text__content\">\n<div class=\"wp-block-group alignwide is-vertical is-layout-flex wp-container-core-group-is-layout-53474e87 wp-block-group-is-layout-flex\" style=\"padding-top:var(--wp--preset--spacing--60);padding-bottom:var(--wp--preset--spacing--60)\">\n<div class=\"wp-block-group has-global-padding is-layout-constrained wp-container-core-group-is-layout-812d5580 wp-block-group-is-layout-constrained\" style=\"padding-top:0;padding-right:0;padding-bottom:0;padding-left:0\">\n<h3 class=\"wp-block-heading\">Dr Christian Fastenrath<\/h3>\n\n\n\n<p>The practising cardiologist Dr med.&nbsp;<a href=\"https:\/\/definetz.org\/https-definetz-org-mitglieder-des-vorstandes\">Christian Fastenrath<\/a>, born in 1958, founded Definetz together with Friedrich N\u00f6lle in April 2011 and has been a member of the Executive Board ever since.<\/p>\n<\/div>\n<\/div>\n<\/div><\/div>\n\n\n\n<div class=\"wp-block-media-text alignwide has-media-on-the-right is-stacked-on-mobile is-image-fill-element is-style-ext-preset--media-text--natural-1--card-1 ext-animate--on is-style-ext-preset--media-text--natural-1--card-1--9\" style=\"margin-top:var(--wp--preset--spacing--40);grid-template-columns:auto 43%\"><div class=\"wp-block-media-text__content\">\n<div class=\"wp-block-group alignwide is-vertical is-layout-flex wp-container-core-group-is-layout-53474e87 wp-block-group-is-layout-flex\" style=\"padding-top:var(--wp--preset--spacing--60);padding-bottom:var(--wp--preset--spacing--60)\">\n<div class=\"wp-block-group has-global-padding is-layout-constrained wp-container-core-group-is-layout-812d5580 wp-block-group-is-layout-constrained\" style=\"padding-top:0;padding-right:0;padding-bottom:0;padding-left:0\">\n<h3 class=\"wp-block-heading\">Dirk Wilke<\/h3>\n\n\n\n<p><a href=\"https:\/\/definetz.org\/mitglied-des-vortstands-dw\">Dirk Wilke<\/a>, born in 1969, is part of the Definetz founding generation and has held various positions on the Executive Board and the extended Executive Board since then. He currently holds the position of treasurer.<\/p>\n<\/div>\n<\/div>\n<\/div><figure class=\"wp-block-media-text__media\"><img loading=\"lazy\" decoding=\"async\" width=\"743\" height=\"795\" src=\"https:\/\/definetz.eu\/wp-content\/uploads\/2026\/03\/DirkWilke_Definetz.jpg\" alt=\"\" class=\"wp-image-335 size-full\" style=\"object-position:50% 50%\" srcset=\"https:\/\/definetz.eu\/wp-content\/uploads\/2026\/03\/DirkWilke_Definetz.jpg 743w, https:\/\/definetz.eu\/wp-content\/uploads\/2026\/03\/DirkWilke_Definetz-280x300.jpg 280w, https:\/\/definetz.eu\/wp-content\/uploads\/2026\/03\/DirkWilke_Definetz-11x12.jpg 11w, https:\/\/definetz.eu\/wp-content\/uploads\/2026\/03\/DirkWilke_Definetz-600x642.jpg 600w\" sizes=\"auto, (max-width: 743px) 100vw, 743px\" \/><\/figure><\/div>\n\n\n\n<div class=\"wp-block-media-text alignwide is-stacked-on-mobile is-image-fill-element is-style-ext-preset--media-text--natural-1--card-1 ext-animate--on is-style-ext-preset--media-text--natural-1--card-1--10\" style=\"margin-top:var(--wp--preset--spacing--40)\"><figure class=\"wp-block-media-text__media\"><img loading=\"lazy\" decoding=\"async\" width=\"768\" height=\"1025\" src=\"https:\/\/definetz.eu\/wp-content\/uploads\/2026\/03\/ThorstenWuerz.jpg\" alt=\"\" class=\"wp-image-364 size-full\" style=\"object-position:50% 50%\" srcset=\"https:\/\/definetz.eu\/wp-content\/uploads\/2026\/03\/ThorstenWuerz.jpg 768w, https:\/\/definetz.eu\/wp-content\/uploads\/2026\/03\/ThorstenWuerz-225x300.jpg 225w, https:\/\/definetz.eu\/wp-content\/uploads\/2026\/03\/ThorstenWuerz-9x12.jpg 9w, https:\/\/definetz.eu\/wp-content\/uploads\/2026\/03\/ThorstenWuerz-600x801.jpg 600w\" sizes=\"auto, (max-width: 768px) 100vw, 768px\" \/><\/figure><div class=\"wp-block-media-text__content\">\n<div class=\"wp-block-group alignwide ext-animate--on is-vertical is-layout-flex wp-container-core-group-is-layout-53474e87 wp-block-group-is-layout-flex\" style=\"padding-top:var(--wp--preset--spacing--60);padding-bottom:var(--wp--preset--spacing--60)\">\n<div class=\"wp-block-group ext-animate--on has-global-padding is-layout-constrained wp-container-core-group-is-layout-812d5580 wp-block-group-is-layout-constrained\" style=\"padding-top:0;padding-right:0;padding-bottom:0;padding-left:0\">\n<h3 class=\"wp-block-heading ext-animate--on\">Thorsten W\u00fcrz<\/h3>\n\n\n\n<p class=\"ext-animate--on\"><a href=\"https:\/\/definetz.org\/mitglied-des-vorstands-tw\">Thorsten W\u00fcrz<\/a>, born in 1967, has been an honorary member of the Executive Board as Secretary since 2016.<\/p>\n<\/div>\n<\/div>\n<\/div><\/div>\n\n\n\n<div class=\"wp-block-media-text alignwide has-media-on-the-right is-stacked-on-mobile is-image-fill-element is-style-ext-preset--media-text--natural-1--card-1 ext-animate--on is-style-ext-preset--media-text--natural-1--card-1--11\" style=\"margin-top:var(--wp--preset--spacing--40);grid-template-columns:auto 43%\"><div class=\"wp-block-media-text__content\">\n<div class=\"wp-block-group alignwide ext-animate--on is-vertical is-layout-flex wp-container-core-group-is-layout-53474e87 wp-block-group-is-layout-flex\" style=\"padding-top:var(--wp--preset--spacing--60);padding-bottom:var(--wp--preset--spacing--60)\">\n<p class=\"ext-animate--on\">Assigned to the Management Board:<\/p>\n\n\n\n<div class=\"wp-block-group ext-animate--on has-global-padding is-layout-constrained wp-container-core-group-is-layout-812d5580 wp-block-group-is-layout-constrained\" style=\"padding-top:0;padding-right:0;padding-bottom:0;padding-left:0\">\n<h3 class=\"wp-block-heading ext-animate--on\">Bruni Martin<\/h3>\n\n\n\n<p class=\"ext-animate--on\"><a href=\"https:\/\/definetz.org\/mitglied-des-vorstands-bm\">Bruni Martin<\/a>, born in 1960, joined Definetz in 2015 and has been providing valuable support in the areas of finance and board work as a board assistant ever since.<\/p>\n<\/div>\n<\/div>\n<\/div><figure class=\"wp-block-media-text__media\"><img loading=\"lazy\" decoding=\"async\" width=\"540\" height=\"721\" src=\"https:\/\/definetz.eu\/wp-content\/uploads\/2026\/03\/csm_BruniMartin_DSC8558hoch_17f3c6bef5-1.jpg\" alt=\"\" class=\"wp-image-349 size-full\" style=\"object-position:50% 50%\" srcset=\"https:\/\/definetz.eu\/wp-content\/uploads\/2026\/03\/csm_BruniMartin_DSC8558hoch_17f3c6bef5-1.jpg 540w, https:\/\/definetz.eu\/wp-content\/uploads\/2026\/03\/csm_BruniMartin_DSC8558hoch_17f3c6bef5-1-225x300.jpg 225w, https:\/\/definetz.eu\/wp-content\/uploads\/2026\/03\/csm_BruniMartin_DSC8558hoch_17f3c6bef5-1-9x12.jpg 9w\" sizes=\"auto, (max-width: 540px) 100vw, 540px\" \/><\/figure><\/div>\n\n\n\n<p class=\"ext-animate--on\"><\/p>\n\n\n\n<p class=\"ext-animate--on\"><\/p>\n\n\n\n<p class=\"ext-animate--on\"><\/p>\n\n\n\n<div class=\"wp-block-buttons ext-animate--on is-content-justification-center is-layout-flex wp-container-core-buttons-is-layout-a89b3969 wp-block-buttons-is-layout-flex\">\n<div class=\"wp-block-button is-style-ext-preset--button--natural-1--button-1 is-style-ext-preset--button--natural-1--button-1--12\"><a class=\"wp-block-button__link wp-element-button\" href=\"https:\/\/definetz.eu\/en\/ressourcen\/\">Learn more<\/a><\/div>\n<\/div>\n<\/div>","protected":false},"excerpt":{"rendered":"<p>Unser Herz schl\u00e4gt f\u00fcr Definetz Dass Defibrillatoren Menschenleben retten k\u00f6nnen steht v\u00f6llig au\u00dfer Frage. Allerdings gibt es sicher noch&nbsp;zuwenig dieser Ger\u00e4te&nbsp;an den richtigen Orten und die Ger\u00e4te sind dann oft noch&nbsp;schlecht dokumentiert. Definetz e.V. m\u00f6chte daran etwas \u00e4ndern. Der am 6.4.2011 gegr\u00fcndete und&nbsp;als gemeinn\u00fctzig anerkannte unabh\u00e4ngige Verein&nbsp;hat drei satzungsgem\u00e4\u00dfe Aufgaben. WO Dokumentation Wissen Sie, wo [&hellip;]<\/p>\n","protected":false},"author":1,"featured_media":0,"parent":0,"menu_order":0,"comment_status":"closed","ping_status":"closed","template":"page-with-title","meta":{"footnotes":""},"class_list":["post-31","page","type-page","status-publish","hentry"],"jetpack_sharing_enabled":true,"_links":{"self":[{"href":"https:\/\/definetz.eu\/en\/wp-json\/wp\/v2\/pages\/31","targetHints":{"allow":["GET"]}}],"collection":[{"href":"https:\/\/definetz.eu\/en\/wp-json\/wp\/v2\/pages"}],"about":[{"href":"https:\/\/definetz.eu\/en\/wp-json\/wp\/v2\/types\/page"}],"author":[{"embeddable":true,"href":"https:\/\/definetz.eu\/en\/wp-json\/wp\/v2\/users\/1"}],"replies":[{"embeddable":true,"href":"https:\/\/definetz.eu\/en\/wp-json\/wp\/v2\/comments?post=31"}],"version-history":[{"count":85,"href":"https:\/\/definetz.eu\/en\/wp-json\/wp\/v2\/pages\/31\/revisions"}],"predecessor-version":[{"id":368,"href":"https:\/\/definetz.eu\/en\/wp-json\/wp\/v2\/pages\/31\/revisions\/368"}],"wp:attachment":[{"href":"https:\/\/definetz.eu\/en\/wp-json\/wp\/v2\/media?parent=31"}],"curies":[{"name":"wp","href":"https:\/\/api.w.org\/{rel}","templated":true}]}}